{"id":2105,"date":"2024-05-30T14:39:25","date_gmt":"2024-05-30T14:39:25","guid":{"rendered":"https:\/\/www.blnpalao.com\/?page_id=2105"},"modified":"2026-01-28T12:32:42","modified_gmt":"2026-01-28T12:32:42","slug":"nuestro-equipo","status":"publish","type":"page","link":"https:\/\/www.blnpalao.com\/en\/nuestro-equipo\/","title":{"rendered":"Team"},"content":{"rendered":"<p>[et_pb_section fb_built=\u00bb1&#8243; custom_padding_last_edited=\u00bbon|desktop\u00bb admin_label=\u00bbEQUIPO\u00bb _builder_version=\u00bb4.25.1&#8243; _module_preset=\u00bbdefault\u00bb background_enable_color=\u00bboff\u00bb use_background_color_gradient=\u00bbon\u00bb background_color_gradient_stops=\u00bb#d4d4d4 28%|#7b7b7b 100%\u00bb background_image=\u00bbhttps:\/\/www.blnpalao.com\/wp-content\/uploads\/2023\/10\/talento.jpg\u00bb background_blend=\u00bbmultiply\u00bb custom_padding=\u00bb0px||0px||true|false\u00bb custom_padding_tablet=\u00bb0px||0px||true|false\u00bb custom_padding_phone=\u00bb10px||10px||true|false\u00bb global_colors_info=\u00bb{}\u00bb][et_pb_row _builder_version=\u00bb4.25.1&#8243; _module_preset=\u00bbdefault\u00bb global_colors_info=\u00bb{}\u00bb][et_pb_column type=\u00bb4_4&#8243; _builder_version=\u00bb4.25.1&#8243; _module_preset=\u00bbdefault\u00bb global_colors_info=\u00bb{}\u00bb][et_pb_text _builder_version=\u00bb4.25.1&#8243; _module_preset=\u00bbdefault\u00bb text_font_size=\u00bb10px\u00bb header_font=\u00bb|||on|||||\u00bb header_text_align=\u00bbcenter\u00bb header_text_color=\u00bb#FFFFFF\u00bb header_font_size=\u00bb53px\u00bb header_line_height=\u00bb1.2em\u00bb header_2_font=\u00bbOswald|500||on|||||\u00bb header_2_text_color=\u00bb#FFFFFF\u00bb header_2_font_size=\u00bb52px\u00bb header_2_line_height=\u00bb1.2em\u00bb header_3_font=\u00bbOswald|500|||||||\u00bb header_3_text_color=\u00bb#FFFFFF\u00bb header_3_font_size=\u00bb36px\u00bb text_orientation=\u00bbcenter\u00bb custom_margin=\u00bb8%||8%||false|false\u00bb custom_margin_tablet=\u00bb8%||8%||false|false\u00bb custom_margin_phone=\u00bb0%||0px||false|false\u00bb custom_margin_last_edited=\u00bbon|phone\u00bb header_font_size_tablet=\u00bb35px\u00bb header_font_size_phone=\u00bb20px\u00bb header_font_size_last_edited=\u00bbon|phone\u00bb header_2_font_size_tablet=\u00bb32px\u00bb header_2_font_size_phone=\u00bb20px\u00bb header_2_font_size_last_edited=\u00bbon|tablet\u00bb header_2_line_height_tablet=\u00bb1.3em\u00bb header_2_line_height_phone=\u00bb1.4em\u00bb header_2_line_height_last_edited=\u00bbon|phone\u00bb global_colors_info=\u00bb{}\u00bb text_letter_spacing__hover_enabled=\u00bbon|desktop\u00bb]<\/p>\n<h1>EQUIPO<\/h1>\n<p>[\/et_pb_text][\/et_pb_column][\/et_pb_row][\/et_pb_section][et_pb_section fb_built=\u00bb1&#8243; _builder_version=\u00bb4.25.1&#8243; _module_preset=\u00bbdefault\u00bb global_colors_info=\u00bb{}\u00bb][et_pb_row _builder_version=\u00bb4.25.1&#8243; _module_preset=\u00bbdefault\u00bb global_colors_info=\u00bb{}\u00bb][et_pb_column type=\u00bb4_4&#8243; _builder_version=\u00bb4.25.1&#8243; _module_preset=\u00bbdefault\u00bb global_colors_info=\u00bb{}\u00bb][et_pb_team_member name=\u00bbBel\u00e9n Palao Bastard\u00e9s\u00bb position=\u00bbSocio Director\u00bb image_url=\u00bbhttps:\/\/www.blnpalao.com\/wp-content\/uploads\/2024\/07\/Palao_0206-BPB-reducida.jpg\u00bb linkedin_url=\u00bbhttps:\/\/www.linkedin.com\/in\/belen-palao-bastardes-a3520a5\/\u00bb _builder_version=\u00bb4.27.4&#8243; _module_preset=\u00bbdefault\u00bb global_colors_info=\u00bb{}\u00bb]<\/p>\n<p style=\"text-align: justify;\">En Mayo de 2014, Bel\u00e9n funda <span class=\"texto-destacado\">bln palao abogados,<span style=\"color: #000000;\"> <\/span><\/span>tras trabajar durante m\u00e1s de trece a\u00f1os por Deloitte Espa\u00f1a como miembro integrante del equipo de tributaci\u00f3n indirecta y responsable de la l\u00ednea de aduanas e IIEE.<\/p>\n<p style=\"text-align: justify;\">Pertenece al Colegio de Abogados de Madrid desde el a\u00f1o 2000 y a la Asociaci\u00f3n Espa\u00f1ola de Asesores Fiscales (AEDAF) y, desde febrero de 2015 es vocal del Comit\u00e9 de Impuestos Indirectos de la AEDAF, responsable de temas relaciones con II.EE., impuesto relacionados con temas energ\u00e9ticos, impuestos medioambientales y aduanas. En enero de 2024 ha sido nombrada miembro del Excise Contact Group en la Comisi\u00f3n Europea.<\/p>\n<p style=\"text-align: justify;\">Bel\u00e9n habla espa\u00f1ol, ingl\u00e9s, franc\u00e9s y alem\u00e1n.<\/p>\n<p>[\/et_pb_team_member][\/et_pb_column][\/et_pb_row][et_pb_row _builder_version=\u00bb4.25.1&#8243; _module_preset=\u00bbdefault\u00bb global_colors_info=\u00bb{}\u00bb][et_pb_column type=\u00bb4_4&#8243; _builder_version=\u00bb4.25.1&#8243; _module_preset=\u00bbdefault\u00bb global_colors_info=\u00bb{}\u00bb][et_pb_team_member name=\u00bbBlanca Garc\u00eda de Vega\u00bb position=\u00bbSenior Manager\u00bb image_url=\u00bbhttps:\/\/www.blnpalao.com\/wp-content\/uploads\/2024\/07\/Palao_0072-BGV-reducida-8.jpg\u00bb linkedin_url=\u00bbhttps:\/\/www.linkedin.com\/in\/blanca-garc%C3%ADa-de-vega-b8770b90\/\u00bb _builder_version=\u00bb4.26.0&#8243; _module_preset=\u00bbdefault\u00bb global_colors_info=\u00bb{}\u00bb]<\/p>\n<p style=\"text-align: justify;\">Blanca se incorpor\u00f3 a <span class=\"texto-destacado\">bln palao abogados, S.L.P.<\/span>\u00a0 a comienzos\u00a0 del 2019, tras unos a\u00f1os en el departamento de IVA, aduanas e II.EE. de Deloitte y previamente en Ernst &amp; Young<o:p><\/o:p><\/p>\n<p style=\"text-align: justify;\">Desde septiembre de 2019, Blanca forma parte del claustro de profesores de la Escuela de Pr\u00e1ctica Jur\u00eddica, centro adscrito a la Universidad Complutense de Madrid, impartiendo la clase de fiscalidad indirecta en el CAE de negocios internacionales. En la actualidad imparte clases en el curso de Alta Especializaci\u00f3n en materia aduanera de la escuela de pr\u00e1ctica jur\u00eddica, as\u00ed como en diversos m\u00e1sters de fiscal impartidos por el ISDE o la Universidad Europea de Madrid.<\/p>\n<p>[\/et_pb_team_member][\/et_pb_column][\/et_pb_row][et_pb_row _builder_version=\u00bb4.25.1&#8243; _module_preset=\u00bbdefault\u00bb global_colors_info=\u00bb{}\u00bb][et_pb_column type=\u00bb4_4&#8243; _builder_version=\u00bb4.25.1&#8243; _module_preset=\u00bbdefault\u00bb global_colors_info=\u00bb{}\u00bb][et_pb_team_member name=\u00bbJavier Martin Palomino\u00bb position=\u00bbAbogado Senior\u00bb image_url=\u00bbhttps:\/\/www.blnpalao.com\/wp-content\/uploads\/2024\/07\/Palao_0152-JM-reducida.jpg\u00bb linkedin_url=\u00bbhttps:\/\/www.linkedin.com\/in\/jos%C3%A9-javier-mart%C3%ADn-palomino\/\u00bb _builder_version=\u00bb4.27.4&#8243; _module_preset=\u00bbdefault\u00bb global_colors_info=\u00bb{}\u00bb]<\/p>\n<p style=\"text-align: justify;\">Javier se incorpor\u00f3 a <span class=\"texto-destacado\">bln palao abogados, S.L.P.<\/span>\u00a0 a comienzos\u00a0 del 2023, y est\u00e1 especializado en temas de aduanas y export controls.<o:p><\/o:p><\/p>\n<p style=\"text-align: justify;\">Es graduado en Derecho por la Universidad de Castilla La Mancha y cuenta con numerosos cursos de formaci\u00f3n en <span aria-hidden=\"true\">las mejores Escuelas de Negocio de Espa\u00f1a (IESE Universidad de Navarra, Fundaci\u00f3n Rafael del Pino, Centro de Estudios Financieros) e Instituciones P\u00fablicas como el Centro de Estudios Superiores de la Defensa Nacional.<\/span><\/p>\n<p style=\"text-align: justify;\"><span aria-hidden=\"true\">Javier habla Espa\u00f1ol e Ingl\u00e9s.<\/span><\/p>\n<p>[\/et_pb_team_member][\/et_pb_column][\/et_pb_row][et_pb_row _builder_version=\u00bb4.27.4&#8243; _module_preset=\u00bbdefault\u00bb global_colors_info=\u00bb{}\u00bb][et_pb_column type=\u00bb4_4&#8243; _builder_version=\u00bb4.27.4&#8243; _module_preset=\u00bbdefault\u00bb global_colors_info=\u00bb{}\u00bb][et_pb_team_member name=\u00bbV\u00edctor Manuel Olivos Reyes\u00bb position=\u00bbAbogado Senior\u00bb image_url=\u00bbhttps:\/\/www.blnpalao.com\/wp-content\/uploads\/2025\/02\/Victor1.jpg\u00bb linkedin_url=\u00bbhttps:\/\/www.linkedin.com\/in\/victormanuelolivosreyes\/\u00bb _builder_version=\u00bb4.27.4&#8243; _module_preset=\u00bbdefault\u00bb global_colors_info=\u00bb{}\u00bb]<\/p>\n<p style=\"text-align: justify;\">V\u00edctor se incorpor\u00f3 a <span class=\"texto-destacado\">bln palao abogados, S.L.P.<\/span>\u00a0 a comienzos\u00a0 del 2025,\u00a0 tienes mas de 3 a\u00f1os de experiencia y est\u00e1 especializado en temas de IVA , Aduanas, Compliance e II.EE<span>.<\/span><\/p>\n<p>Es graduado en Derecho por la Universidad Aut\u00f3noma de Madrid. Asimismo ha realizado el M\u00e1ster de Acceso a la <span style=\"text-align: justify;\">Abogac\u00eda Especialidad Tributaria en el Centro de Estudios Garrigues.<\/span><\/p>\n<p style=\"text-align: justify;\"><span aria-hidden=\"true\">V\u00edctor habla Espa\u00f1ol e Ingl\u00e9s.<\/span><\/p>\n<p>[\/et_pb_team_member][\/et_pb_column][\/et_pb_row][et_pb_row _builder_version=\u00bb4.25.1&#8243; _module_preset=\u00bbdefault\u00bb global_colors_info=\u00bb{}\u00bb][et_pb_column type=\u00bb4_4&#8243; _builder_version=\u00bb4.25.1&#8243; _module_preset=\u00bbdefault\u00bb global_colors_info=\u00bb{}\u00bb][et_pb_team_member name=\u00bbJuan Iba\u00f1ez Siles\u00bb position=\u00bbAbogado\u00bb image_url=\u00bbhttps:\/\/www.blnpalao.com\/wp-content\/uploads\/2024\/07\/Palao_0090-2-JI-reducida.jpg\u00bb linkedin_url=\u00bbhttps:\/\/www.linkedin.com\/in\/juan-ib%C3%A1%C3%B1ez-siles-1a40b81b5\/\u00bb _builder_version=\u00bb4.27.4&#8243; _module_preset=\u00bbdefault\u00bb global_colors_info=\u00bb{}\u00bb]<\/p>\n<p style=\"text-align: justify;\">Juan se incorpor\u00f3 a <span class=\"texto-destacado\">bln palao abogados, S.L.P.<\/span>\u00a0 a comienzos\u00a0 de mayo de 2024, tras su paso por una conocida empresa espa\u00f1ola dedicada a las bebidas alcoh\u00f3licas. Trabaja en temas de IVA, Aduanas e impuestos especiales, CBAM.<o:p><\/o:p><\/p>\n<p style=\"text-align: justify;\">Juan es graduado en Derecho por la Universidad de Ja\u00e9n y cuenta con m\u00e1ster de Acceso a la Abogac\u00eda por la Universidad de Ja\u00e9n, M\u00e1ster en Asesor\u00eda Fiscal por la UNIR y M\u00e1ster Internacional en Asesoria Fiscal (MIAF) por el ISDE (2024).<\/p>\n<p style=\"text-align: justify;\">Juan habla espa\u00f1ol e ingl\u00e9s.<\/p>\n<p>[\/et_pb_team_member][\/et_pb_column][\/et_pb_row][et_pb_row _builder_version=\u00bb4.25.1&#8243; _module_preset=\u00bbdefault\u00bb global_colors_info=\u00bb{}\u00bb][et_pb_column type=\u00bb4_4&#8243; _builder_version=\u00bb4.25.1&#8243; _module_preset=\u00bbdefault\u00bb global_colors_info=\u00bb{}\u00bb][et_pb_team_member name=\u00bbMelissa Segura Ag\u00fcero\u00bb position=\u00bbAbogado\u00bb image_url=\u00bbhttps:\/\/www.blnpalao.com\/wp-content\/uploads\/2024\/07\/Palao_0114-MS-reducida.jpg\u00bb linkedin_url=\u00bblinkedin.com\/in\/melissa-segura-ag\u00fcero-612502208&#8243; _builder_version=\u00bb4.27.4&#8243; _module_preset=\u00bbdefault\u00bb global_colors_info=\u00bb{}\u00bb]<\/p>\n<p style=\"text-align: justify;\">Melissa se incorpor\u00f3 a <span class=\"texto-destacado\">bln palao abogados, S.L.P.<\/span>\u00a0 en mayo de 2024, como parte de su formaci\u00f3n curs\u00f3 el M\u00e1ster de Asesor\u00eda Fiscal impartido por la Escuela de Pr\u00e1ctica Jur\u00eddica (UCM).<o:p><\/o:p><\/p>\n<p style=\"text-align: justify;\">Es graduada en Derecho por la Universidad de Costa Rica, con anterioridad Melissa trabaj\u00f3 durante varios a\u00f1os en Deloitte &#8211; Costa Rica en el \u00e1rea de fiscal especializ\u00e1ndose en temas de aduanas y derecho tributario.<\/p>\n<p style=\"text-align: justify;\">Melissa habla espa\u00f1ol e ingl\u00e9s.<\/p>\n<p>[\/et_pb_team_member][\/et_pb_column][\/et_pb_row][et_pb_row _builder_version=\u00bb4.27.4&#8243; _module_preset=\u00bbdefault\u00bb global_colors_info=\u00bb{}\u00bb][et_pb_column type=\u00bb4_4&#8243; _builder_version=\u00bb4.27.4&#8243; _module_preset=\u00bbdefault\u00bb global_colors_info=\u00bb{}\u00bb][et_pb_team_member name=\u00bbLuc\u00eda Slutakova\u00bb position=\u00bbAbogado\u00bb image_url=\u00bbhttps:\/\/www.blnpalao.com\/wp-content\/uploads\/2025\/02\/Lucia1-1.jpg\u00bb linkedin_url=\u00bblinkedin.com\/in\/ls2510&#8243; _builder_version=\u00bb4.27.4&#8243; _module_preset=\u00bbdefault\u00bb global_colors_info=\u00bb{}\u00bb]<\/p>\n<p style=\"text-align: justify;\">Luc\u00eda se incorpor\u00f3 a <span class=\"texto-destacado\">bln palao abogados, S.L.P.<\/span>\u00a0 en noviembre de 2024, y est\u00e1 especializada en temas relacionados con Aduanas e II.EE.<\/p>\n<p style=\"text-align: justify;\">Es graduada en Derecho por la Universidad de Essex &#8211; Inglaterra y cuenta con un m\u00e1ster en derecho internacional y comercio extranjero por el ISDE (2023).<\/p>\n<p style=\"text-align: justify;\">Luc\u00eda habla espa\u00f1ol, ingl\u00e9s, eslovaco y alem\u00e1n.<\/p>\n<p>[\/et_pb_team_member][\/et_pb_column][\/et_pb_row][et_pb_row _builder_version=\u00bb4.27.4&#8243; _module_preset=\u00bbdefault\u00bb global_colors_info=\u00bb{}\u00bb][et_pb_column type=\u00bb4_4&#8243; _builder_version=\u00bb4.27.4&#8243; _module_preset=\u00bbdefault\u00bb global_colors_info=\u00bb{}\u00bb][et_pb_team_member name=\u00bbPaula Mart\u00edn Pe\u00f1a\u00bb position=\u00bbAbogado\u00bb image_url=\u00bbhttps:\/\/www.blnpalao.com\/wp-content\/uploads\/2026\/01\/PMP-Foto-perfil.jpg\u00bb linkedin_url=\u00bbhttps:\/\/www.linkedin.com\/in\/paulamartinpena\/\u00bb _builder_version=\u00bb4.27.5&#8243; _module_preset=\u00bbdefault\u00bb hover_enabled=\u00bb0&#8243; global_colors_info=\u00bb{}\u00bb sticky_enabled=\u00bb0&#8243; title_text=\u00bbPMP Foto perfil\u00bb]<\/p>\n<p style=\"text-align: justify;\">Paula se incorpor\u00f3 a <span class=\"texto-destacado\">bln palao abogados, S.L.P.<\/span>\u00a0 a finales de 2025, tras su paso por una conocida consultora de servicios y est\u00e1 especializada en temas relacionados con IVA, Aduanas e II.EE.<\/p>\n<p style=\"text-align: justify;\">Es graduada en Derecho <span data-teams=\"true\">por la Universidad Rey Juan Carlos de Madrid, y cuenta con el M\u00e1ster de Acceso a la Abogac\u00eda por el ISDE, M\u00e1ster Internacional en Asesor\u00eda Fiscal por el ISDE, y un Curso de Fiscalidad Internacional por la Universidad de Miami<\/span><\/p>\n<p style=\"text-align: justify;\">Paula habla espa\u00f1ol e ingl\u00e9s.<\/p>\n<p>[\/et_pb_team_member][\/et_pb_column][\/et_pb_row][et_pb_row _builder_version=\u00bb4.25.1&#8243; _module_preset=\u00bbdefault\u00bb global_colors_info=\u00bb{}\u00bb][et_pb_column type=\u00bb4_4&#8243; _builder_version=\u00bb4.25.1&#8243; _module_preset=\u00bbdefault\u00bb global_colors_info=\u00bb{}\u00bb][et_pb_team_member name=\u00bbZintia Quispe Flores\u00bb position=\u00bbAdministraci\u00f3n\u00bb image_url=\u00bbhttps:\/\/www.blnpalao.com\/wp-content\/uploads\/2024\/07\/Palao_0151-ZQ-reducida.jpg\u00bb linkedin_url=\u00bblinkedin.com\/in\/zintia-quispe-flores-0a9b782b4&#8243; _builder_version=\u00bb4.27.4&#8243; _module_preset=\u00bbdefault\u00bb global_colors_info=\u00bb{}\u00bb]<\/p>\n<p style=\"text-align: justify;\">Zintia se incorpor\u00f3 a <span class=\"texto-destacado\">bln palao abogados, S.L.P.<\/span> en septiembre de 2023.<o:p><\/o:p><\/p>\n<p style=\"text-align: justify;\">Es graduada en Administraci\u00f3n y Finanzas por la Universidad C\u00e9sar Vallejo de Lima (Per\u00fa). Cuenta con varios cursos de especializaci\u00f3n en temas relacionados con la gesti\u00f3n y control de la empresa (CEF, SAGE, etc.).<\/p>\n<p style=\"text-align: justify;\">Zintia habla espa\u00f1ol e ingl\u00e9s.<\/p>\n<p>[\/et_pb_team_member][\/et_pb_column][\/et_pb_row][\/et_pb_section]<\/p>\n","protected":false},"excerpt":{"rendered":"<p>EQUIPOEn Mayo de 2014, Bel\u00e9n funda bln palao abogados, tras trabajar durante m\u00e1s de trece a\u00f1os por Deloitte Espa\u00f1a como miembro integrante del equipo de tributaci\u00f3n indirecta y responsable de la l\u00ednea de aduanas e IIEE. Pertenece al Colegio de Abogados de Madrid desde el a\u00f1o 2000 y a la Asociaci\u00f3n Espa\u00f1ola de Asesores Fiscales (AEDAF) y, desde febrero de 2015 es vocal del Comit\u00e9 de Impuestos Indirectos de la AEDAF, responsable de temas relaciones con II.EE., impuesto relacionados con temas energ\u00e9ticos, impuestos medioambientales y aduanas. En enero de 2024 ha sido nombrada miembro del Excise Contact Group en la Comisi\u00f3n Europea. Bel\u00e9n habla espa\u00f1ol, ingl\u00e9s, franc\u00e9s y alem\u00e1n.Blanca se incorpor\u00f3 a bln palao abogados, S.L.P.\u00a0 a comienzos\u00a0 del 2019, tras unos a\u00f1os en el departamento de IVA, aduanas e II.EE. de Deloitte y previamente en Ernst &amp; Young Desde septiembre de 2019, Blanca forma parte del claustro de profesores de la Escuela de Pr\u00e1ctica Jur\u00eddica, centro adscrito a la Universidad Complutense de Madrid, impartiendo la clase de fiscalidad indirecta en el CAE de negocios internacionales. En la actualidad imparte clases en el curso de Alta Especializaci\u00f3n en materia aduanera de la escuela de pr\u00e1ctica jur\u00eddica, as\u00ed como en diversos [&hellip;]<\/p>\n","protected":false},"author":3,"featured_media":0,"parent":0,"menu_order":0,"comment_status":"closed","ping_status":"closed","template":"","meta":{"_et_pb_use_builder":"on","_et_pb_old_content":"","_et_gb_content_width":"","_glsr_average":0,"_glsr_ranking":0,"_glsr_reviews":0,"footnotes":""},"class_list":["post-2105","page","type-page","status-publish","hentry"],"yoast_head":"<!-- This site is optimized with the Yoast SEO plugin v27.4 - https:\/\/yoast.com\/product\/yoast-seo-wordpress\/ -->\n<title>Equipo - bln palao abogados<\/title>\n<meta name=\"robots\" content=\"index, follow, max-snippet:-1, max-image-preview:large, max-video-preview:-1\" \/>\n<link rel=\"canonical\" href=\"https:\/\/www.blnpalao.com\/en\/nuestro-equipo\/\" \/>\n<meta property=\"og:locale\" content=\"en_GB\" \/>\n<meta property=\"og:type\" content=\"article\" \/>\n<meta property=\"og:title\" content=\"Equipo - bln palao abogados\" \/>\n<meta property=\"og:description\" content=\"EQUIPOEn Mayo de 2014, Bel\u00e9n funda bln palao abogados, tras trabajar durante m\u00e1s de trece a\u00f1os por Deloitte Espa\u00f1a como miembro integrante del equipo de tributaci\u00f3n indirecta y responsable de la l\u00ednea de aduanas e IIEE. Pertenece al Colegio de Abogados de Madrid desde el a\u00f1o 2000 y a la Asociaci\u00f3n Espa\u00f1ola de Asesores Fiscales (AEDAF) y, desde febrero de 2015 es vocal del Comit\u00e9 de Impuestos Indirectos de la AEDAF, responsable de temas relaciones con II.EE., impuesto relacionados con temas energ\u00e9ticos, impuestos medioambientales y aduanas. En enero de 2024 ha sido nombrada miembro del Excise Contact Group en la Comisi\u00f3n Europea. Bel\u00e9n habla espa\u00f1ol, ingl\u00e9s, franc\u00e9s y alem\u00e1n.Blanca se incorpor\u00f3 a bln palao abogados, S.L.P.\u00a0 a comienzos\u00a0 del 2019, tras unos a\u00f1os en el departamento de IVA, aduanas e II.EE. de Deloitte y previamente en Ernst &amp; Young Desde septiembre de 2019, Blanca forma parte del claustro de profesores de la Escuela de Pr\u00e1ctica Jur\u00eddica, centro adscrito a la Universidad Complutense de Madrid, impartiendo la clase de fiscalidad indirecta en el CAE de negocios internacionales. En la actualidad imparte clases en el curso de Alta Especializaci\u00f3n en materia aduanera de la escuela de pr\u00e1ctica jur\u00eddica, as\u00ed como en diversos [&hellip;]\" \/>\n<meta property=\"og:url\" content=\"https:\/\/www.blnpalao.com\/en\/nuestro-equipo\/\" \/>\n<meta property=\"og:site_name\" content=\"bln palao abogados\" \/>\n<meta property=\"article:modified_time\" content=\"2026-01-28T12:32:42+00:00\" \/>\n<meta name=\"twitter:card\" content=\"summary_large_image\" \/>\n<meta name=\"twitter:label1\" content=\"Estimated reading time\" \/>\n\t<meta name=\"twitter:data1\" content=\"6 minutes\" \/>\n<script type=\"application\/ld+json\" class=\"yoast-schema-graph\">{\"@context\":\"https:\\\/\\\/schema.org\",\"@graph\":[{\"@type\":\"WebPage\",\"@id\":\"https:\\\/\\\/www.blnpalao.com\\\/nuestro-equipo\\\/\",\"url\":\"https:\\\/\\\/www.blnpalao.com\\\/nuestro-equipo\\\/\",\"name\":\"Equipo - bln palao abogados\",\"isPartOf\":{\"@id\":\"https:\\\/\\\/www.blnpalao.com\\\/#website\"},\"datePublished\":\"2024-05-30T14:39:25+00:00\",\"dateModified\":\"2026-01-28T12:32:42+00:00\",\"breadcrumb\":{\"@id\":\"https:\\\/\\\/www.blnpalao.com\\\/nuestro-equipo\\\/#breadcrumb\"},\"inLanguage\":\"en-GB\",\"potentialAction\":[{\"@type\":\"ReadAction\",\"target\":[\"https:\\\/\\\/www.blnpalao.com\\\/nuestro-equipo\\\/\"]}]},{\"@type\":\"BreadcrumbList\",\"@id\":\"https:\\\/\\\/www.blnpalao.com\\\/nuestro-equipo\\\/#breadcrumb\",\"itemListElement\":[{\"@type\":\"ListItem\",\"position\":1,\"name\":\"Portada\",\"item\":\"https:\\\/\\\/www.blnpalao.com\\\/\"},{\"@type\":\"ListItem\",\"position\":2,\"name\":\"Equipo\"}]},{\"@type\":\"WebSite\",\"@id\":\"https:\\\/\\\/www.blnpalao.com\\\/#website\",\"url\":\"https:\\\/\\\/www.blnpalao.com\\\/\",\"name\":\"bln palao abogados\",\"description\":\"Despacho boutique \u00fanico en el mercado\",\"potentialAction\":[{\"@type\":\"SearchAction\",\"target\":{\"@type\":\"EntryPoint\",\"urlTemplate\":\"https:\\\/\\\/www.blnpalao.com\\\/?s={search_term_string}\"},\"query-input\":{\"@type\":\"PropertyValueSpecification\",\"valueRequired\":true,\"valueName\":\"search_term_string\"}}],\"inLanguage\":\"en-GB\"}]}<\/script>\n<!-- \/ Yoast SEO plugin. -->","yoast_head_json":{"title":"Equipo - bln palao abogados","robots":{"index":"index","follow":"follow","max-snippet":"max-snippet:-1","max-image-preview":"max-image-preview:large","max-video-preview":"max-video-preview:-1"},"canonical":"https:\/\/www.blnpalao.com\/en\/nuestro-equipo\/","og_locale":"en_GB","og_type":"article","og_title":"Equipo - bln palao abogados","og_description":"EQUIPOEn Mayo de 2014, Bel\u00e9n funda bln palao abogados, tras trabajar durante m\u00e1s de trece a\u00f1os por Deloitte Espa\u00f1a como miembro integrante del equipo de tributaci\u00f3n indirecta y responsable de la l\u00ednea de aduanas e IIEE. Pertenece al Colegio de Abogados de Madrid desde el a\u00f1o 2000 y a la Asociaci\u00f3n Espa\u00f1ola de Asesores Fiscales (AEDAF) y, desde febrero de 2015 es vocal del Comit\u00e9 de Impuestos Indirectos de la AEDAF, responsable de temas relaciones con II.EE., impuesto relacionados con temas energ\u00e9ticos, impuestos medioambientales y aduanas. En enero de 2024 ha sido nombrada miembro del Excise Contact Group en la Comisi\u00f3n Europea. Bel\u00e9n habla espa\u00f1ol, ingl\u00e9s, franc\u00e9s y alem\u00e1n.Blanca se incorpor\u00f3 a bln palao abogados, S.L.P.\u00a0 a comienzos\u00a0 del 2019, tras unos a\u00f1os en el departamento de IVA, aduanas e II.EE. de Deloitte y previamente en Ernst &amp; Young Desde septiembre de 2019, Blanca forma parte del claustro de profesores de la Escuela de Pr\u00e1ctica Jur\u00eddica, centro adscrito a la Universidad Complutense de Madrid, impartiendo la clase de fiscalidad indirecta en el CAE de negocios internacionales. En la actualidad imparte clases en el curso de Alta Especializaci\u00f3n en materia aduanera de la escuela de pr\u00e1ctica jur\u00eddica, as\u00ed como en diversos [&hellip;]","og_url":"https:\/\/www.blnpalao.com\/en\/nuestro-equipo\/","og_site_name":"bln palao abogados","article_modified_time":"2026-01-28T12:32:42+00:00","twitter_card":"summary_large_image","twitter_misc":{"Estimated reading time":"6 minutes"},"schema":{"@context":"https:\/\/schema.org","@graph":[{"@type":"WebPage","@id":"https:\/\/www.blnpalao.com\/nuestro-equipo\/","url":"https:\/\/www.blnpalao.com\/nuestro-equipo\/","name":"Equipo - bln palao abogados","isPartOf":{"@id":"https:\/\/www.blnpalao.com\/#website"},"datePublished":"2024-05-30T14:39:25+00:00","dateModified":"2026-01-28T12:32:42+00:00","breadcrumb":{"@id":"https:\/\/www.blnpalao.com\/nuestro-equipo\/#breadcrumb"},"inLanguage":"en-GB","potentialAction":[{"@type":"ReadAction","target":["https:\/\/www.blnpalao.com\/nuestro-equipo\/"]}]},{"@type":"BreadcrumbList","@id":"https:\/\/www.blnpalao.com\/nuestro-equipo\/#breadcrumb","itemListElement":[{"@type":"ListItem","position":1,"name":"Portada","item":"https:\/\/www.blnpalao.com\/"},{"@type":"ListItem","position":2,"name":"Equipo"}]},{"@type":"WebSite","@id":"https:\/\/www.blnpalao.com\/#website","url":"https:\/\/www.blnpalao.com\/","name":"bln palao abogados","description":"Clearance boutique is unique in the market","potentialAction":[{"@type":"SearchAction","target":{"@type":"EntryPoint","urlTemplate":"https:\/\/www.blnpalao.com\/?s={search_term_string}"},"query-input":{"@type":"PropertyValueSpecification","valueRequired":true,"valueName":"search_term_string"}}],"inLanguage":"en-GB"}]}},"_links":{"self":[{"href":"https:\/\/www.blnpalao.com\/en\/wp-json\/wp\/v2\/pages\/2105","targetHints":{"allow":["GET"]}}],"collection":[{"href":"https:\/\/www.blnpalao.com\/en\/wp-json\/wp\/v2\/pages"}],"about":[{"href":"https:\/\/www.blnpalao.com\/en\/wp-json\/wp\/v2\/types\/page"}],"author":[{"embeddable":true,"href":"https:\/\/www.blnpalao.com\/en\/wp-json\/wp\/v2\/users\/3"}],"replies":[{"embeddable":true,"href":"https:\/\/www.blnpalao.com\/en\/wp-json\/wp\/v2\/comments?post=2105"}],"version-history":[{"count":42,"href":"https:\/\/www.blnpalao.com\/en\/wp-json\/wp\/v2\/pages\/2105\/revisions"}],"predecessor-version":[{"id":3205,"href":"https:\/\/www.blnpalao.com\/en\/wp-json\/wp\/v2\/pages\/2105\/revisions\/3205"}],"wp:attachment":[{"href":"https:\/\/www.blnpalao.com\/en\/wp-json\/wp\/v2\/media?parent=2105"}],"curies":[{"name":"wp","href":"https:\/\/api.w.org\/{rel}","templated":true}]}}